{"id":641,"date":"2023-03-08T07:17:30","date_gmt":"2023-03-08T07:17:30","guid":{"rendered":"https:\/\/www.muzejnirecyklace.cz\/?page_id=641"},"modified":"2023-03-08T07:17:30","modified_gmt":"2023-03-08T07:17:30","slug":"vysledky-soutezi-2022","status":"publish","type":"page","link":"https:\/\/www.muzejnirecyklace.cz\/?page_id=641","title":{"rendered":"V\u00fdsledky sout\u011b\u017e\u00ed 2022"},"content":{"rendered":"\n<div class=\"wp-block-group alignwide\"><div class=\"wp-block-group__inner-container is-layout-flow\">\n<div class=\"wp-block-columns alignfull is-layout-flex wp-container-3\">\n<div class=\"wp-block-column is-layout-flow\">\n<h3 class=\"has-accent-color has-text-color wp-block-heading\">Recykla\u010dn\u00ed v\u00edkend<\/h3>\n\n\n\n<h5 class=\"has-accent-color has-text-color wp-block-heading\">Recykla\u010dn\u00ed v\u00edkend 2022<\/h5>\n\n\n\n<p>V&nbsp;na\u0161em tradi\u010dn\u00edm podzimn\u00edm v\u00fdb\u011brov\u00e9m programu jsme byli o n\u011bco \u00fasp\u011b\u0161n\u011bj\u0161\u00ed a z&nbsp;uplynul\u00e9ho ro\u010dn\u00edku Recykla\u010dn\u00edho v\u00edkendu, kter\u00fd se ve sv\u00e9m tradi\u010dn\u00edm \u0159\u00edjnov\u00e9m term\u00ednu konal op\u011bt na soci\u00e1ln\u00edch s\u00edt\u00edch NTM byly do sb\u00edrky Technika v&nbsp;dom\u00e1cnosti dopln\u011bny tyto t\u0159i p\u0159edm\u011bty:<\/p>\n\n\n\n<p>1) Topn\u00e1 spir\u00e1la typ 180 v\u00fdrobce Elektro-Praga s.r.o. z poloviny 40. let 20. stolet\u00ed v\u00a0bezvadn\u00e9m stavu, dopln\u00ed na\u0161i rozvinutou kolekci t\u011bchto p\u0159enosn\u00fdch drobn\u00fdch va\u0159idel.<\/p>\n\n\n\n<figure class=\"wp-block-image size-large\"><img decoding=\"async\" loading=\"lazy\" width=\"1354\" height=\"1080\" src=\"https:\/\/www.muzejnirecyklace.cz\/wp-content\/uploads\/2023\/03\/IMG_20230216_103149-1354x1080.jpg\" alt=\"\" class=\"wp-image-644\" srcset=\"https:\/\/www.muzejnirecyklace.cz\/wp-content\/uploads\/2023\/03\/IMG_20230216_103149-1354x1080.jpg 1354w, https:\/\/www.muzejnirecyklace.cz\/wp-content\/uploads\/2023\/03\/IMG_20230216_103149-300x239.jpg 300w, https:\/\/www.muzejnirecyklace.cz\/wp-content\/uploads\/2023\/03\/IMG_20230216_103149-150x120.jpg 150w, https:\/\/www.muzejnirecyklace.cz\/wp-content\/uploads\/2023\/03\/IMG_20230216_103149-768x613.jpg 768w, https:\/\/www.muzejnirecyklace.cz\/wp-content\/uploads\/2023\/03\/IMG_20230216_103149-1536x1225.jpg 1536w, https:\/\/www.muzejnirecyklace.cz\/wp-content\/uploads\/2023\/03\/IMG_20230216_103149-2048x1634.jpg 2048w, https:\/\/www.muzejnirecyklace.cz\/wp-content\/uploads\/2023\/03\/IMG_20230216_103149-1200x957.jpg 1200w, https:\/\/www.muzejnirecyklace.cz\/wp-content\/uploads\/2023\/03\/IMG_20230216_103149-1980x1580.jpg 1980w\" sizes=\"(max-width: 1354px) 100vw, 1354px\" \/><figcaption>1) Topn\u00e1 spir\u00e1la typ 180 v\u00fdrobce Elektro-Praga s.r.o. z poloviny 40. let 20. stolet\u00ed <\/figcaption><\/figure>\n\n\n\n<p>2) P\u0159evodn\u00edk elektrick\u00e9ho nap\u011bt\u00ed do z\u00e1suvky ze 120 \u2013 220 V\u00a0op\u011bt ze 40. let 20. stolet\u00ed. Tato zaj\u00edmavost dopln\u00ed sb\u00edrkovou kolekci s\u00a0ohledem na mo\u017enost dokumentace skute\u010dnosti 40. a 50. let minul\u00e9ho stolet\u00ed, kdy rozvodn\u00e1 s\u00ed\u0165 pracovala s\u00a0nap\u011bt\u00edm 220 V, ale v\u00a0dom\u00e1cnostech bylo st\u00e1le velk\u00e9 mno\u017estv\u00ed spot\u0159ebi\u010d\u016f konstruovan\u00fdch pouze na 120V nebo naopak existovaly bytov\u00e9 domy disponuj\u00edc\u00ed nap\u011bt\u00edm jen do 120 V\u00a0a nov\u00e9 spot\u0159ebi\u010de ji\u017e ke sv\u00e9mu provozu pot\u0159ebovali elektrick\u00e9 nap\u011bt\u00ed vy\u0161\u0161\u00edho v\u00fdkonu. <\/p>\n\n\n\n<figure class=\"wp-block-image size-large\"><img decoding=\"async\" loading=\"lazy\" width=\"1136\" height=\"1080\" src=\"https:\/\/www.muzejnirecyklace.cz\/wp-content\/uploads\/2023\/03\/IMG_20230216_103813-1136x1080.jpg\" alt=\"\" class=\"wp-image-647\" srcset=\"https:\/\/www.muzejnirecyklace.cz\/wp-content\/uploads\/2023\/03\/IMG_20230216_103813-1136x1080.jpg 1136w, https:\/\/www.muzejnirecyklace.cz\/wp-content\/uploads\/2023\/03\/IMG_20230216_103813-300x285.jpg 300w, https:\/\/www.muzejnirecyklace.cz\/wp-content\/uploads\/2023\/03\/IMG_20230216_103813-150x143.jpg 150w, https:\/\/www.muzejnirecyklace.cz\/wp-content\/uploads\/2023\/03\/IMG_20230216_103813-768x730.jpg 768w, https:\/\/www.muzejnirecyklace.cz\/wp-content\/uploads\/2023\/03\/IMG_20230216_103813-1536x1460.jpg 1536w, https:\/\/www.muzejnirecyklace.cz\/wp-content\/uploads\/2023\/03\/IMG_20230216_103813-2048x1947.jpg 2048w, https:\/\/www.muzejnirecyklace.cz\/wp-content\/uploads\/2023\/03\/IMG_20230216_103813-1200x1141.jpg 1200w, https:\/\/www.muzejnirecyklace.cz\/wp-content\/uploads\/2023\/03\/IMG_20230216_103813-1980x1882.jpg 1980w\" sizes=\"(max-width: 1136px) 100vw, 1136px\" \/><figcaption>2) P\u0159evodn\u00edk elektrick\u00e9ho nap\u011bt\u00ed do z\u00e1suvky ze 120 -220 V, 40. l\u00e9ta 20. stolet\u00ed<\/figcaption><\/figure>\n\n\n\n<p>3) Vysava\u010d Jupiter s\u00a0kompletn\u00edm p\u0159\u00edslu\u0161enstv\u00edm dochovan\u00fd v\u00a0p\u016fvodn\u00ed prodejn\u00ed ta\u0161ce, kter\u00fd byl zakoupen v\u00a0polovin\u011b prosince 1964.<\/p>\n\n\n\n<figure class=\"wp-block-image size-large is-resized\"><img decoding=\"async\" loading=\"lazy\" src=\"https:\/\/www.muzejnirecyklace.cz\/wp-content\/uploads\/2023\/03\/IMG_20230216_110026-1878x1080.jpg\" alt=\"\" class=\"wp-image-642\" width=\"584\" height=\"335\" srcset=\"https:\/\/www.muzejnirecyklace.cz\/wp-content\/uploads\/2023\/03\/IMG_20230216_110026-1878x1080.jpg 1878w, https:\/\/www.muzejnirecyklace.cz\/wp-content\/uploads\/2023\/03\/IMG_20230216_110026-300x173.jpg 300w, https:\/\/www.muzejnirecyklace.cz\/wp-content\/uploads\/2023\/03\/IMG_20230216_110026-150x86.jpg 150w, https:\/\/www.muzejnirecyklace.cz\/wp-content\/uploads\/2023\/03\/IMG_20230216_110026-768x442.jpg 768w, https:\/\/www.muzejnirecyklace.cz\/wp-content\/uploads\/2023\/03\/IMG_20230216_110026-1536x883.jpg 1536w, https:\/\/www.muzejnirecyklace.cz\/wp-content\/uploads\/2023\/03\/IMG_20230216_110026-2048x1178.jpg 2048w, https:\/\/www.muzejnirecyklace.cz\/wp-content\/uploads\/2023\/03\/IMG_20230216_110026-1200x690.jpg 1200w, https:\/\/www.muzejnirecyklace.cz\/wp-content\/uploads\/2023\/03\/IMG_20230216_110026-1980x1139.jpg 1980w\" sizes=\"(max-width: 584px) 100vw, 584px\" \/><figcaption>3) Vysava\u010d Jupiter s p\u0159\u00edslu\u0161enstv\u00edm, zakoupen\u00fd v prosinci 1964<\/figcaption><\/figure>\n\n\n\n<p><\/p>\n<\/div>\n\n\n\n<div class=\"wp-block-column is-layout-flow\">\n<h3 class=\"has-accent-color has-text-color wp-block-heading\">M\u00e1te doma muzejn\u00ed kousek?<\/h3>\n\n\n\n<h5 class=\"has-accent-color has-text-color wp-block-heading\">Muzejn\u00ed kousek roku 2022<\/h5>\n\n\n\n<p class=\"has-text-align-left\">V&nbsp;uplynul\u00e9m roce p\u0159ipravilo NTM ve spolupr\u00e1ci s&nbsp;kolektivn\u00edm syst\u00e9mem ELEKTROWIN, a.s., ji\u017e \u0161est\u00fd ro\u010dn\u00edk internetov\u00e9 sout\u011b\u017ee s&nbsp;n\u00e1zvem \u201eM\u00e1te doma muzejn\u00ed kousek?\u201c Sout\u011b\u017e byla spu\u0161t\u011bna 1. dubna 2022 a jej\u00ed pr\u016fb\u011b\u017en\u00e9 vyhodnocov\u00e1n\u00ed bylo rozd\u011bleno jako v&nbsp;p\u0159edchoz\u00edch letech do t\u0159\u00ed \u010dtvrtlet\u00ed. Sout\u011b\u017e byla p\u0159\u00edle\u017eitost\u00ed nab\u00eddnout sv\u016fj vyslou\u017eil\u00fd spot\u0159ebi\u010d do sb\u00edrek N\u00e1rodn\u00edho technick\u00e9ho muzea, a to prost\u0159ednictv\u00edm online formy z&nbsp;pohodl\u00ed domova.<\/p>\n\n\n\n<p>Je p\u0159irozen\u00e9, \u017ee po obrovsk\u00e9m z\u00e1jmu a mno\u017estv\u00ed vyhodnocen\u00fdch nab\u00eddek v ro\u010dn\u00edku 2021 byl po\u010det zaslan\u00fdch nab\u00eddek v&nbsp;roce 2022 v\u00fdrazn\u011b men\u0161\u00ed. Zredukovan\u00e9 nab\u00eddky tak kur\u00e1to\u0159i NTM vybrali pro za\u010dlen\u011bn\u00ed do sb\u00edrek jen jeden p\u0159edm\u011bt, a to prom\u00edta\u010dku zvukov\u00fdch film\u016f na 16 mm zna\u010dky Meopta pro dopln\u011bn\u00ed sb\u00edrky Foto-Kino. Takov\u00fdto v\u00fdsledek, n\u00e1m mimo jin\u00e9 d\u00e1v\u00e1 informaci i o tom, \u017ee sout\u011b\u017e neslou\u017e\u00ed jen pro dopl\u0148ov\u00e1n\u00ed sb\u00edrky Technika v&nbsp;dom\u00e1cnosti.<\/p>\n\n\n\n<p>Vzhledem k omezen\u00e9mu v\u00fdb\u011bru jsme se tak rozhodli v\u00edt\u011bze kategorie \u201eNej\u201c Muzejn\u00ed kousek roku 2022 nevyhl\u00e1sit. Budeme tedy doufat, \u017ee se v&nbsp;p\u0159\u00ed\u0161t\u00edm roce do\u010dk\u00e1me \u0161ir\u0161\u00ed nab\u00eddky, z&nbsp;kter\u00e9 budeme moci zvolit jednozna\u010dn\u00e9ho v\u00edt\u011bze.<\/p>\n<\/div>\n<\/div>\n<\/div><\/div>\n","protected":false},"excerpt":{"rendered":"<p>Recykla\u010dn\u00ed v\u00edkend Recykla\u010dn\u00ed v\u00edkend 2022 V&nbsp;na\u0161em tradi\u010dn\u00edm podzimn\u00edm v\u00fdb\u011brov\u00e9m programu jsme byli o n\u011bco \u00fasp\u011b\u0161n\u011bj\u0161\u00ed a z&nbsp;uplynul\u00e9ho ro\u010dn\u00edku Recykla\u010dn\u00edho v\u00edkendu, kter\u00fd se ve sv\u00e9m tradi\u010dn\u00edm \u0159\u00edjnov\u00e9m term\u00ednu konal op\u011bt na soci\u00e1ln\u00edch s\u00edt\u00edch NTM byly do sb\u00edrky Technika v&nbsp;dom\u00e1cnosti dopln\u011bny tyto t\u0159i p\u0159edm\u011bty: 1) Topn\u00e1 spir\u00e1la typ 180 v\u00fdrobce Elektro-Praga s.r.o. z poloviny 40. let 20. [&hellip;]<\/p>\n","protected":false},"author":2,"featured_media":0,"parent":0,"menu_order":0,"comment_status":"closed","ping_status":"closed","template":"","meta":[],"_links":{"self":[{"href":"https:\/\/www.muzejnirecyklace.cz\/index.php?rest_route=\/wp\/v2\/pages\/641"}],"collection":[{"href":"https:\/\/www.muzejnirecyklace.cz\/index.php?rest_route=\/wp\/v2\/pages"}],"about":[{"href":"https:\/\/www.muzejnirecyklace.cz\/index.php?rest_route=\/wp\/v2\/types\/page"}],"author":[{"embeddable":true,"href":"https:\/\/www.muzejnirecyklace.cz\/index.php?rest_route=\/wp\/v2\/users\/2"}],"replies":[{"embeddable":true,"href":"https:\/\/www.muzejnirecyklace.cz\/index.php?rest_route=%2Fwp%2Fv2%2Fcomments&post=641"}],"version-history":[{"count":2,"href":"https:\/\/www.muzejnirecyklace.cz\/index.php?rest_route=\/wp\/v2\/pages\/641\/revisions"}],"predecessor-version":[{"id":694,"href":"https:\/\/www.muzejnirecyklace.cz\/index.php?rest_route=\/wp\/v2\/pages\/641\/revisions\/694"}],"wp:attachment":[{"href":"https:\/\/www.muzejnirecyklace.cz\/index.php?rest_route=%2Fwp%2Fv2%2Fmedia&parent=641"}],"curies":[{"name":"wp","href":"https:\/\/api.w.org\/{rel}","templated":true}]}}